{"id":948,"date":"2016-07-20T14:32:45","date_gmt":"2016-07-20T12:32:45","guid":{"rendered":"http:\/\/dijon.radio-campus.org\/wordpress_test\/?page_id=35"},"modified":"2023-06-05T15:34:14","modified_gmt":"2023-06-05T13:34:14","slug":"education-a-limage","status":"publish","type":"page","link":"https:\/\/assoplan9.com\/?page_id=948","title":{"rendered":"\u00c9ducation \u00e0 l&rsquo;image"},"content":{"rendered":"<div id=\"content\" class=\"clearfix\">\n<article id=\"post-948\" class=\"post-948 page type-page status-publish has-post-thumbnail hentry\"><header class=\"entry-header\">Plan9 propose des actions tout au long de l\u2019ann\u00e9e en partenariat avec les scolaires, les salles de cin\u00e9ma et divers acteurs culturels r\u00e9gionaux.<br \/>L\u2019association contribue par cons\u00e9quent au renforcement de la fili\u00e8re cin\u00e9ma en r\u00e9gion Bourgogne-Franche-Comt\u00e9 tout en participant activement au rayonnement local.<\/header><header><\/header><header><\/header><\/article>\n<\/div>\n<header><\/header><header><img loading=\"lazy\" decoding=\"async\" class=\"alignnone size-medium wp-image-2746\" src=\"https:\/\/assoplan9.com\/wp-content\/uploads\/2016\/07\/DSC_0730-300x200.jpg\" alt=\"\" width=\"300\" height=\"200\" srcset=\"https:\/\/assoplan9.com\/wp-content\/uploads\/2016\/07\/DSC_0730-300x200.jpg 300w, https:\/\/assoplan9.com\/wp-content\/uploads\/2016\/07\/DSC_0730-768x513.jpg 768w, https:\/\/assoplan9.com\/wp-content\/uploads\/2016\/07\/DSC_0730-1024x684.jpg 1024w\" sizes=\"auto, (max-width: 300px) 100vw, 300px\" \/>\u00a0\u00a0<img loading=\"lazy\" decoding=\"async\" class=\"alignnone size-medium wp-image-2745\" src=\"https:\/\/assoplan9.com\/wp-content\/uploads\/2016\/07\/3-300x200.jpg\" alt=\"\" width=\"300\" height=\"200\" srcset=\"https:\/\/assoplan9.com\/wp-content\/uploads\/2016\/07\/3-300x200.jpg 300w, https:\/\/assoplan9.com\/wp-content\/uploads\/2016\/07\/3-768x512.jpg 768w, https:\/\/assoplan9.com\/wp-content\/uploads\/2016\/07\/3-1024x683.jpg 1024w\" sizes=\"auto, (max-width: 300px) 100vw, 300px\" \/>\u00a0\u00a0<img loading=\"lazy\" decoding=\"async\" class=\"alignnone size-medium wp-image-2748\" src=\"https:\/\/assoplan9.com\/wp-content\/uploads\/2016\/07\/DSC_0805-300x199.jpg\" alt=\"\" width=\"300\" height=\"199\" srcset=\"https:\/\/assoplan9.com\/wp-content\/uploads\/2016\/07\/DSC_0805-300x199.jpg 300w, https:\/\/assoplan9.com\/wp-content\/uploads\/2016\/07\/DSC_0805-768x511.jpg 768w, https:\/\/assoplan9.com\/wp-content\/uploads\/2016\/07\/DSC_0805-1024x681.jpg 1024w\" sizes=\"auto, (max-width: 300px) 100vw, 300px\" \/><\/header><header><img loading=\"lazy\" decoding=\"async\" class=\"alignnone size-medium wp-image-2749\" src=\"https:\/\/assoplan9.com\/wp-content\/uploads\/2016\/07\/69-300x200.jpg\" alt=\"\" width=\"300\" height=\"200\" srcset=\"https:\/\/assoplan9.com\/wp-content\/uploads\/2016\/07\/69-300x200.jpg 300w, https:\/\/assoplan9.com\/wp-content\/uploads\/2016\/07\/69-768x512.jpg 768w, https:\/\/assoplan9.com\/wp-content\/uploads\/2016\/07\/69-1024x683.jpg 1024w\" sizes=\"auto, (max-width: 300px) 100vw, 300px\" \/>\u00a0\u00a0<img loading=\"lazy\" decoding=\"async\" class=\"alignnone size-medium wp-image-2751\" src=\"https:\/\/assoplan9.com\/wp-content\/uploads\/2016\/07\/23-300x200.jpg\" alt=\"\" width=\"300\" height=\"200\" srcset=\"https:\/\/assoplan9.com\/wp-content\/uploads\/2016\/07\/23-300x200.jpg 300w, https:\/\/assoplan9.com\/wp-content\/uploads\/2016\/07\/23-768x512.jpg 768w, https:\/\/assoplan9.com\/wp-content\/uploads\/2016\/07\/23-1024x683.jpg 1024w\" sizes=\"auto, (max-width: 300px) 100vw, 300px\" \/>\u00a0 <img loading=\"lazy\" decoding=\"async\" class=\"alignnone wp-image-2755\" src=\"https:\/\/assoplan9.com\/wp-content\/uploads\/2016\/07\/20230227_200257-300x300.jpg\" alt=\"\" width=\"200\" height=\"200\" srcset=\"https:\/\/assoplan9.com\/wp-content\/uploads\/2016\/07\/20230227_200257-300x300.jpg 300w, https:\/\/assoplan9.com\/wp-content\/uploads\/2016\/07\/20230227_200257-290x290.jpg 290w, https:\/\/assoplan9.com\/wp-content\/uploads\/2016\/07\/20230227_200257-768x767.jpg 768w, https:\/\/assoplan9.com\/wp-content\/uploads\/2016\/07\/20230227_200257-1024x1022.jpg 1024w, https:\/\/assoplan9.com\/wp-content\/uploads\/2016\/07\/20230227_200257.jpg 1915w\" sizes=\"auto, (max-width: 200px) 100vw, 200px\" \/><header><strong><strong>S\u00e9ances scolaires pendant le festival Fen\u00eatres sur Courts<\/strong><\/strong><\/header><header>Pendant la semaine du festival, nous proposons des s\u00e9ances et des ateliers d&rsquo;initiation r\u00e9serv\u00e9s aux scolaires \u00e0 partir de la 6\u00e8me.Tous les courts-m\u00e9trages diffus\u00e9s sont en VOSTFR.\u00a0 R\u00e9servations sur la plateforme <a href=\"https:\/\/pass.culture.fr\/\">Pass culture<\/a>, ou par mail \u00e0<strong><strong><a href=\"mailto:contact@plan09.fr\">contact@plan09.fr \/ <\/a><\/strong><\/strong><span style=\"font-size: revert; color: initial;\">T\u00e9l\u00e9charger la <\/span><a style=\"font-size: revert;\" href=\"https:\/\/assoplan9.com\/wp-content\/uploads\/2023\/06\/PLAQUETTE-SCOLAIRES_compressed.pdf\">plaquette scolaires 2023<\/a><\/header><\/header><header><\/header><header><header>\n<p><strong>Jury lyc\u00e9ens et\/ou \u00e9tudiants pour la comp\u00e9tition Europe de Fen\u00eatres sur Courts<br \/><\/strong>Chaque ann\u00e9e, Fen\u00eatres sur courts offre l\u2019opportunit\u00e9 \u00e0 5 jeunes, \u00e9tudiants ou lyc\u00e9ens, de venir participer au festival en tant que jury de la comp\u00e9tition europ\u00e9enne. A la suite de leur d\u00e9lib\u00e9ration, ils d\u00e9cernent le Prix des lyc\u00e9ens\/\u00e9tudiants lors de la c\u00e9r\u00e9monie de cl\u00f4ture. La confrontation des points de vue et la mise en parall\u00e8le des regards port\u00e9s sur les films entre professionnels et amateurs de cin\u00e9ma se r\u00e9v\u00e8le \u00eatre une formidable exp\u00e9rience collective, artistique, culturelle, unique et formatrice.<\/p>\n<\/header>\n<p><strong> Cin\u00e9-spectacles<br \/><\/strong>L&rsquo;association d\u00e9cloisonne le cin\u00e9ma en le m\u00ealant \u00e0 d&rsquo;autres disciplines artistiques, comme la musique, au travers de cr\u00e9ations originales d\u00e9di\u00e9es au jeune public. Apr\u00e8s M\u00e9lodies en courts et Et si le ciel \u00e9tait vert, Lucarne est le troisi\u00e8me cin\u00e9-spectacle sign\u00e9 Plan9. M\u00ealant projection de films et musique interpr\u00e9t\u00e9e en direct, il aborde le th\u00e8me de l\u2019habitat et du voisinage, propose une plong\u00e9e cin\u00e9matographique et musicale, laisse place \u00e0 la curiosit\u00e9 et permet d\u2019aborder le rapport \u00e0 l\u2019autre, l\u2019imaginaire, l\u2019\u00e9cart entre monde r\u00e9el et r\u00eav\u00e9.<\/p>\n<\/header>\n<p><strong>Ateliers Musique \u00e0 l&rsquo;image<br \/><\/strong>Les ateliers Musique \u00e0 l\u2019image mettent en lumi\u00e8re l\u2019importance du rapport entre image et son. E\u0301troitement lie\u0301s dans le processus de cre\u0301ation d\u2019un film, l\u2019un ne va pas sans l\u2019autre. Les \u00e9l\u00e8ves sont invit\u00e9s \u00e0 s\u2019impr\u00e9gner de l\u2019oeuvre choisie, \u00e0 manipuler divers instruments pour accompagner les images projet\u00e9es sur grand \u00e9cran, \u00e0 v\u00e9hiculer des \u00e9motions. Ils apprennent ainsi \u00e0 interpr\u00e9ter ce qui se joue sous leurs yeux, d\u00e9veloppent leur sensibilit\u00e9 cr\u00e9ative, appr\u00e9hendent le travail collectif. Cet \u00e9veil sensoriel leur r\u00e9v\u00e8le toute la magie et le pouvoir de la musique au cin\u00e9ma.<\/p>\n<p><strong> Ateliers Programmation<br \/><\/strong>Les ateliers Programmation permettent aux enfants de d\u00e9couvrir l\u2019un des pans du m\u00e9tier d\u2019organisateur de festival. Les \u00e9l\u00e8ves sont amen\u00e9s \u00e0 visionner un ensemble de courts m\u00e9trages, \u00e0 donner leur avis sur chacun des films soumis \u00e0 leur choix puis \u00e0 \u00e9tablir une s\u00e9lection apr\u00e8s \u00e9change et d\u00e9bat. Sur les conseils de l\u2019intervenant, ils sont invit\u00e9s \u00e0 s\u2019\u00e9couter les uns les autres, \u00e0 r\u00e9aliser des concessions, \u00e0 respecter les contraintes de la programmation pour cr\u00e9er une s\u00e9ance rythm\u00e9e, durant laquelle s\u2019alternent genres, techniques et dur\u00e9es diff\u00e9rentes.<\/p>\n<p><strong>Ateliers d&rsquo;Initiation pratique \u00e0 la r\u00e9alisation documentaire<br \/><\/strong>En pr\u00e9sence de Fabio Falzone et Johann Michalczak, tous deux r\u00e9alisateurs de documentaires, les \u00e9l\u00e8ves sont invit\u00e9s \u00e0 d\u00e9couvrir l\u2019aspect technique et pratique d\u2019un tournage de cin\u00e9ma. Apr\u00e8s un temps de rencontre permettant de sonder leurs envies et leurs id\u00e9es du cin\u00e9ma, les participants appr\u00e9hendent la r\u00e9alit\u00e9 d&rsquo;un tournage et sont invit\u00e9s \u00e0 se positionner tour \u00e0 tour sur des postes techniques (cadreur, perchman, ing\u00e9nieur son\u2026) ou sur des postes de jeux (com\u00e9dien, com\u00e9dienne, metteur en sc\u00e8ne\u2026). A l&rsquo;issue d&rsquo;une s\u00e9ance de visionnage des rushs, le montage d\u00e9finitif se fait en studio par l&rsquo;un des r\u00e9alisateurs intervenant.<\/p>\n<p><strong>Projections th\u00e9matiques<br \/><\/strong>Dans l\u2019optique de faire conna\u00eetre Fen\u00eatres sur courts et son projet, de participer \u00e0 l\u2019irrigation du territoire y compris en zone rurale, de favoriser l\u2019acc\u00e8s de tous \u00e0 l\u2019offre culturelle et de d\u00e9velopper des passerelles avec les acteurs locaux, Plan9 propose des s\u00e9ances d\u00e9centralis\u00e9es du festival en r\u00e9gion. Engag\u00e9e dans le partage et la d\u00e9couverte de la diversit\u00e9 europ\u00e9enne, Plan9 organise \u00e9galement depuis plusieurs ann\u00e9es une projection plein air gratuite en partenariat avec la P\u00e9niche Cancale. Cette s\u00e9ance met en lumi\u00e8re une s\u00e9lection de courts m\u00e9trages europ\u00e9ens humoristiques et s&rsquo;inscrit dans le cadre du Printemps de l\u2019Europe organis\u00e9 par la ville de Dijon.<\/p>\n\n","protected":false},"excerpt":{"rendered":"<p>Plan9 propose des actions tout au long de l\u2019ann\u00e9e en partenariat avec les scolaires, les salles de cin\u00e9ma et divers acteurs culturels r\u00e9gionaux.L\u2019association contribue par cons\u00e9quent au renforcement de la fili\u00e8re cin\u00e9ma en r\u00e9gion Bourgogne-Franche-Comt\u00e9 tout en participant activement au rayonnement local. \u00a0\u00a0\u00a0\u00a0 \u00a0\u00a0\u00a0 S\u00e9ances scolaires pendant le festival Fen\u00eatres sur Courts Pendant la semaine [&hellip;]<\/p>\n","protected":false},"author":1,"featured_media":58,"parent":0,"menu_order":0,"comment_status":"closed","ping_status":"closed","template":"","meta":{"_exactmetrics_skip_tracking":false,"_exactmetrics_sitenote_active":false,"_exactmetrics_sitenote_note":"","_exactmetrics_sitenote_category":0,"ngg_post_thumbnail":0,"footnotes":""},"class_list":["post-948","page","type-page","status-publish","has-post-thumbnail","hentry"],"_links":{"self":[{"href":"https:\/\/assoplan9.com\/index.php?rest_route=\/wp\/v2\/pages\/948","targetHints":{"allow":["GET"]}}],"collection":[{"href":"https:\/\/assoplan9.com\/index.php?rest_route=\/wp\/v2\/pages"}],"about":[{"href":"https:\/\/assoplan9.com\/index.php?rest_route=\/wp\/v2\/types\/page"}],"author":[{"embeddable":true,"href":"https:\/\/assoplan9.com\/index.php?rest_route=\/wp\/v2\/users\/1"}],"replies":[{"embeddable":true,"href":"https:\/\/assoplan9.com\/index.php?rest_route=%2Fwp%2Fv2%2Fcomments&post=948"}],"version-history":[{"count":44,"href":"https:\/\/assoplan9.com\/index.php?rest_route=\/wp\/v2\/pages\/948\/revisions"}],"predecessor-version":[{"id":2797,"href":"https:\/\/assoplan9.com\/index.php?rest_route=\/wp\/v2\/pages\/948\/revisions\/2797"}],"wp:featuredmedia":[{"embeddable":true,"href":"https:\/\/assoplan9.com\/index.php?rest_route=\/"}],"wp:attachment":[{"href":"https:\/\/assoplan9.com\/index.php?rest_route=%2Fwp%2Fv2%2Fmedia&parent=948"}],"curies":[{"name":"wp","href":"https:\/\/api.w.org\/{rel}","templated":true}]}}